{"id":1826,"date":"2019-06-11T19:19:44","date_gmt":"2019-06-11T17:19:44","guid":{"rendered":"http:\/\/www.wolle-landleben-design.de\/?page_id=1826"},"modified":"2021-12-10T19:29:42","modified_gmt":"2021-12-10T17:29:42","slug":"garten-2019","status":"publish","type":"page","link":"http:\/\/www.wolle-landleben-design.de\/?page_id=1826","title":{"rendered":"Garten 2019"},"content":{"rendered":"\n<p><em>F\u00fcr Garten 2019 bitte weiter runter scrollen.<\/em><\/p>\n\n\n\n<p>Ein kleiner Gartenr\u00fcckblick auf den Sommer 2021.<\/p>\n\n\n\n<figure class=\"wp-block-image size-full\"><img loading=\"lazy\" decoding=\"async\" width=\"600\" height=\"400\" src=\"http:\/\/www.wolle-landleben-design.de\/wp-content\/uploads\/2021\/12\/IMG_1012-1.jpg\" alt=\"\" class=\"wp-image-2132\" srcset=\"http:\/\/www.wolle-landleben-design.de\/wp-content\/uploads\/2021\/12\/IMG_1012-1.jpg 600w, http:\/\/www.wolle-landleben-design.de\/wp-content\/uploads\/2021\/12\/IMG_1012-1-300x200.jpg 300w, http:\/\/www.wolle-landleben-design.de\/wp-content\/uploads\/2021\/12\/IMG_1012-1-150x100.jpg 150w, http:\/\/www.wolle-landleben-design.de\/wp-content\/uploads\/2021\/12\/IMG_1012-1-450x300.jpg 450w\" sizes=\"auto, (max-width: 600px) 100vw, 600px\" \/><\/figure>\n\n\n\n<figure class=\"wp-block-image size-full\"><img loading=\"lazy\" decoding=\"async\" width=\"600\" height=\"400\" src=\"http:\/\/www.wolle-landleben-design.de\/wp-content\/uploads\/2021\/12\/IMG_1033-1.jpg\" alt=\"\" class=\"wp-image-2133\" srcset=\"http:\/\/www.wolle-landleben-design.de\/wp-content\/uploads\/2021\/12\/IMG_1033-1.jpg 600w, http:\/\/www.wolle-landleben-design.de\/wp-content\/uploads\/2021\/12\/IMG_1033-1-300x200.jpg 300w, http:\/\/www.wolle-landleben-design.de\/wp-content\/uploads\/2021\/12\/IMG_1033-1-150x100.jpg 150w, http:\/\/www.wolle-landleben-design.de\/wp-content\/uploads\/2021\/12\/IMG_1033-1-450x300.jpg 450w\" sizes=\"auto, (max-width: 600px) 100vw, 600px\" \/><\/figure>\n\n\n\n<p class=\"has-text-align-center\">Kartoffelk\u00e4fer<\/p>\n\n\n\n<figure class=\"wp-block-image size-full\"><img loading=\"lazy\" decoding=\"async\" width=\"600\" height=\"400\" src=\"http:\/\/www.wolle-landleben-design.de\/wp-content\/uploads\/2021\/12\/IMG_1037-1.jpg\" alt=\"\" class=\"wp-image-2134\" srcset=\"http:\/\/www.wolle-landleben-design.de\/wp-content\/uploads\/2021\/12\/IMG_1037-1.jpg 600w, http:\/\/www.wolle-landleben-design.de\/wp-content\/uploads\/2021\/12\/IMG_1037-1-300x200.jpg 300w, http:\/\/www.wolle-landleben-design.de\/wp-content\/uploads\/2021\/12\/IMG_1037-1-150x100.jpg 150w, http:\/\/www.wolle-landleben-design.de\/wp-content\/uploads\/2021\/12\/IMG_1037-1-450x300.jpg 450w\" sizes=\"auto, (max-width: 600px) 100vw, 600px\" \/><\/figure>\n\n\n\n<figure class=\"wp-block-image size-full\"><img loading=\"lazy\" decoding=\"async\" width=\"600\" height=\"400\" src=\"http:\/\/www.wolle-landleben-design.de\/wp-content\/uploads\/2021\/12\/IMG_1043-1.jpg\" alt=\"\" class=\"wp-image-2135\" srcset=\"http:\/\/www.wolle-landleben-design.de\/wp-content\/uploads\/2021\/12\/IMG_1043-1.jpg 600w, http:\/\/www.wolle-landleben-design.de\/wp-content\/uploads\/2021\/12\/IMG_1043-1-300x200.jpg 300w, http:\/\/www.wolle-landleben-design.de\/wp-content\/uploads\/2021\/12\/IMG_1043-1-150x100.jpg 150w, http:\/\/www.wolle-landleben-design.de\/wp-content\/uploads\/2021\/12\/IMG_1043-1-450x300.jpg 450w\" sizes=\"auto, (max-width: 600px) 100vw, 600px\" \/><\/figure>\n\n\n\n<figure class=\"wp-block-image size-full\"><img loading=\"lazy\" decoding=\"async\" width=\"600\" height=\"400\" src=\"http:\/\/www.wolle-landleben-design.de\/wp-content\/uploads\/2021\/12\/IMG_1044-1.jpg\" alt=\"\" class=\"wp-image-2136\" srcset=\"http:\/\/www.wolle-landleben-design.de\/wp-content\/uploads\/2021\/12\/IMG_1044-1.jpg 600w, http:\/\/www.wolle-landleben-design.de\/wp-content\/uploads\/2021\/12\/IMG_1044-1-300x200.jpg 300w, http:\/\/www.wolle-landleben-design.de\/wp-content\/uploads\/2021\/12\/IMG_1044-1-150x100.jpg 150w, http:\/\/www.wolle-landleben-design.de\/wp-content\/uploads\/2021\/12\/IMG_1044-1-450x300.jpg 450w\" sizes=\"auto, (max-width: 600px) 100vw, 600px\" \/><\/figure>\n\n\n\n<figure class=\"wp-block-image size-full\"><img loading=\"lazy\" decoding=\"async\" width=\"600\" height=\"400\" src=\"http:\/\/www.wolle-landleben-design.de\/wp-content\/uploads\/2021\/12\/IMG_1046-1.jpg\" alt=\"\" class=\"wp-image-2137\" srcset=\"http:\/\/www.wolle-landleben-design.de\/wp-content\/uploads\/2021\/12\/IMG_1046-1.jpg 600w, http:\/\/www.wolle-landleben-design.de\/wp-content\/uploads\/2021\/12\/IMG_1046-1-300x200.jpg 300w, http:\/\/www.wolle-landleben-design.de\/wp-content\/uploads\/2021\/12\/IMG_1046-1-150x100.jpg 150w, http:\/\/www.wolle-landleben-design.de\/wp-content\/uploads\/2021\/12\/IMG_1046-1-450x300.jpg 450w\" sizes=\"auto, (max-width: 600px) 100vw, 600px\" \/><\/figure>\n\n\n\n<figure class=\"wp-block-image size-full\"><img loading=\"lazy\" decoding=\"async\" width=\"600\" height=\"400\" src=\"http:\/\/www.wolle-landleben-design.de\/wp-content\/uploads\/2021\/12\/IMG_1049-1.jpg\" alt=\"\" class=\"wp-image-2138\" srcset=\"http:\/\/www.wolle-landleben-design.de\/wp-content\/uploads\/2021\/12\/IMG_1049-1.jpg 600w, http:\/\/www.wolle-landleben-design.de\/wp-content\/uploads\/2021\/12\/IMG_1049-1-300x200.jpg 300w, http:\/\/www.wolle-landleben-design.de\/wp-content\/uploads\/2021\/12\/IMG_1049-1-150x100.jpg 150w, http:\/\/www.wolle-landleben-design.de\/wp-content\/uploads\/2021\/12\/IMG_1049-1-450x300.jpg 450w\" sizes=\"auto, (max-width: 600px) 100vw, 600px\" \/><\/figure>\n\n\n\n<figure class=\"wp-block-image size-full\"><img loading=\"lazy\" decoding=\"async\" width=\"600\" height=\"400\" src=\"http:\/\/www.wolle-landleben-design.de\/wp-content\/uploads\/2021\/12\/IMG_1076-1.jpg\" alt=\"\" class=\"wp-image-2139\" srcset=\"http:\/\/www.wolle-landleben-design.de\/wp-content\/uploads\/2021\/12\/IMG_1076-1.jpg 600w, http:\/\/www.wolle-landleben-design.de\/wp-content\/uploads\/2021\/12\/IMG_1076-1-300x200.jpg 300w, http:\/\/www.wolle-landleben-design.de\/wp-content\/uploads\/2021\/12\/IMG_1076-1-150x100.jpg 150w, http:\/\/www.wolle-landleben-design.de\/wp-content\/uploads\/2021\/12\/IMG_1076-1-450x300.jpg 450w\" sizes=\"auto, (max-width: 600px) 100vw, 600px\" \/><\/figure>\n\n\n\n<p class=\"has-text-align-center\">Suchbild: viele Schmetterlinge haben ihr Fl\u00fcgel hochgeklappt<\/p>\n\n\n\n<figure class=\"wp-block-image size-full\"><img loading=\"lazy\" decoding=\"async\" width=\"600\" height=\"400\" src=\"http:\/\/www.wolle-landleben-design.de\/wp-content\/uploads\/2021\/12\/IMG_1084-1.jpg\" alt=\"\" class=\"wp-image-2140\" srcset=\"http:\/\/www.wolle-landleben-design.de\/wp-content\/uploads\/2021\/12\/IMG_1084-1.jpg 600w, http:\/\/www.wolle-landleben-design.de\/wp-content\/uploads\/2021\/12\/IMG_1084-1-300x200.jpg 300w, http:\/\/www.wolle-landleben-design.de\/wp-content\/uploads\/2021\/12\/IMG_1084-1-150x100.jpg 150w, http:\/\/www.wolle-landleben-design.de\/wp-content\/uploads\/2021\/12\/IMG_1084-1-450x300.jpg 450w\" sizes=\"auto, (max-width: 600px) 100vw, 600px\" \/><\/figure>\n\n\n\n<p class=\"has-text-align-center\">Kleiner Fuchs und Kohlwei\u00dfling<\/p>\n\n\n\n<figure class=\"wp-block-image size-full\"><img loading=\"lazy\" decoding=\"async\" width=\"600\" height=\"400\" src=\"http:\/\/www.wolle-landleben-design.de\/wp-content\/uploads\/2021\/12\/IMG_1085-1.jpg\" alt=\"\" class=\"wp-image-2141\" srcset=\"http:\/\/www.wolle-landleben-design.de\/wp-content\/uploads\/2021\/12\/IMG_1085-1.jpg 600w, http:\/\/www.wolle-landleben-design.de\/wp-content\/uploads\/2021\/12\/IMG_1085-1-300x200.jpg 300w, http:\/\/www.wolle-landleben-design.de\/wp-content\/uploads\/2021\/12\/IMG_1085-1-150x100.jpg 150w, http:\/\/www.wolle-landleben-design.de\/wp-content\/uploads\/2021\/12\/IMG_1085-1-450x300.jpg 450w\" sizes=\"auto, (max-width: 600px) 100vw, 600px\" \/><\/figure>\n\n\n\n<p class=\"has-text-align-center\">Tagpfauenauge<\/p>\n\n\n\n<figure class=\"wp-block-image size-full\"><img loading=\"lazy\" decoding=\"async\" width=\"600\" height=\"400\" src=\"http:\/\/www.wolle-landleben-design.de\/wp-content\/uploads\/2021\/12\/IMG_1088-1.jpg\" alt=\"\" class=\"wp-image-2142\" srcset=\"http:\/\/www.wolle-landleben-design.de\/wp-content\/uploads\/2021\/12\/IMG_1088-1.jpg 600w, http:\/\/www.wolle-landleben-design.de\/wp-content\/uploads\/2021\/12\/IMG_1088-1-300x200.jpg 300w, http:\/\/www.wolle-landleben-design.de\/wp-content\/uploads\/2021\/12\/IMG_1088-1-150x100.jpg 150w, http:\/\/www.wolle-landleben-design.de\/wp-content\/uploads\/2021\/12\/IMG_1088-1-450x300.jpg 450w\" sizes=\"auto, (max-width: 600px) 100vw, 600px\" \/><\/figure>\n\n\n\n<p class=\"has-text-align-center\">Admiral<\/p>\n\n\n\n<figure class=\"wp-block-image size-full\"><img loading=\"lazy\" decoding=\"async\" width=\"600\" height=\"400\" src=\"http:\/\/www.wolle-landleben-design.de\/wp-content\/uploads\/2021\/12\/IMG_1091-1.jpg\" alt=\"\" class=\"wp-image-2143\" srcset=\"http:\/\/www.wolle-landleben-design.de\/wp-content\/uploads\/2021\/12\/IMG_1091-1.jpg 600w, http:\/\/www.wolle-landleben-design.de\/wp-content\/uploads\/2021\/12\/IMG_1091-1-300x200.jpg 300w, http:\/\/www.wolle-landleben-design.de\/wp-content\/uploads\/2021\/12\/IMG_1091-1-150x100.jpg 150w, http:\/\/www.wolle-landleben-design.de\/wp-content\/uploads\/2021\/12\/IMG_1091-1-450x300.jpg 450w\" sizes=\"auto, (max-width: 600px) 100vw, 600px\" \/><\/figure>\n\n\n\n<div class=\"wp-block-image\"><figure class=\"aligncenter size-full\"><img loading=\"lazy\" decoding=\"async\" width=\"600\" height=\"400\" src=\"http:\/\/www.wolle-landleben-design.de\/wp-content\/uploads\/2021\/12\/IMG_1048-1.jpg\" alt=\"\" class=\"wp-image-2144\" srcset=\"http:\/\/www.wolle-landleben-design.de\/wp-content\/uploads\/2021\/12\/IMG_1048-1.jpg 600w, http:\/\/www.wolle-landleben-design.de\/wp-content\/uploads\/2021\/12\/IMG_1048-1-300x200.jpg 300w, http:\/\/www.wolle-landleben-design.de\/wp-content\/uploads\/2021\/12\/IMG_1048-1-150x100.jpg 150w, http:\/\/www.wolle-landleben-design.de\/wp-content\/uploads\/2021\/12\/IMG_1048-1-450x300.jpg 450w\" sizes=\"auto, (max-width: 600px) 100vw, 600px\" \/><\/figure><\/div>\n\n\n\n<p class=\"has-text-align-center\">H\u00f6rnchenk\u00fcrbis<\/p>\n\n\n\n<div class=\"wp-block-image\"><figure class=\"aligncenter size-full\"><img loading=\"lazy\" decoding=\"async\" width=\"400\" height=\"600\" src=\"http:\/\/www.wolle-landleben-design.de\/wp-content\/uploads\/2021\/12\/IMG_1074-1.jpg\" alt=\"\" class=\"wp-image-2145\" srcset=\"http:\/\/www.wolle-landleben-design.de\/wp-content\/uploads\/2021\/12\/IMG_1074-1.jpg 400w, http:\/\/www.wolle-landleben-design.de\/wp-content\/uploads\/2021\/12\/IMG_1074-1-200x300.jpg 200w, http:\/\/www.wolle-landleben-design.de\/wp-content\/uploads\/2021\/12\/IMG_1074-1-100x150.jpg 100w\" sizes=\"auto, (max-width: 400px) 100vw, 400px\" \/><\/figure><\/div>\n\n\n\n<p class=\"has-text-align-center\">Peperoni Elefant<\/p>\n\n\n\n<div class=\"wp-block-image\"><figure class=\"aligncenter size-full\"><img loading=\"lazy\" decoding=\"async\" width=\"400\" height=\"600\" src=\"http:\/\/www.wolle-landleben-design.de\/wp-content\/uploads\/2021\/12\/IMG_1075-1.jpg\" alt=\"\" class=\"wp-image-2146\" srcset=\"http:\/\/www.wolle-landleben-design.de\/wp-content\/uploads\/2021\/12\/IMG_1075-1.jpg 400w, http:\/\/www.wolle-landleben-design.de\/wp-content\/uploads\/2021\/12\/IMG_1075-1-200x300.jpg 200w, http:\/\/www.wolle-landleben-design.de\/wp-content\/uploads\/2021\/12\/IMG_1075-1-100x150.jpg 100w\" sizes=\"auto, (max-width: 400px) 100vw, 400px\" \/><\/figure><\/div>\n\n\n\n<p class=\"has-text-align-center\">Peperoni Black Czech<\/p>\n\n\n\n<p class=\"has-text-align-center\"><strong>Garten 2019<\/strong><\/p>\n\n\n\n<h2 class=\"has-text-align-center wp-block-heading\">S<strong>chmetterlinge und Chilis Ende Oktober<\/strong> <strong>2019<\/strong><\/h2>\n\n\n\n<figure class=\"wp-block-image\"><img loading=\"lazy\" decoding=\"async\" width=\"600\" height=\"400\" src=\"http:\/\/www.wolle-landleben-design.de\/wp-content\/uploads\/2019\/10\/IMG_0537-1.jpg\" alt=\"\" class=\"wp-image-1921\" srcset=\"http:\/\/www.wolle-landleben-design.de\/wp-content\/uploads\/2019\/10\/IMG_0537-1.jpg 600w, http:\/\/www.wolle-landleben-design.de\/wp-content\/uploads\/2019\/10\/IMG_0537-1-150x100.jpg 150w, http:\/\/www.wolle-landleben-design.de\/wp-content\/uploads\/2019\/10\/IMG_0537-1-300x200.jpg 300w, http:\/\/www.wolle-landleben-design.de\/wp-content\/uploads\/2019\/10\/IMG_0537-1-450x300.jpg 450w\" sizes=\"auto, (max-width: 600px) 100vw, 600px\" \/><\/figure>\n\n\n\n<p class=\"has-text-align-center\">C &#8211; Falter ?<\/p>\n\n\n\n<figure class=\"wp-block-image\"><img loading=\"lazy\" decoding=\"async\" width=\"600\" height=\"400\" src=\"http:\/\/www.wolle-landleben-design.de\/wp-content\/uploads\/2019\/10\/IMG_0536-1.jpg\" alt=\"\" class=\"wp-image-1922\" srcset=\"http:\/\/www.wolle-landleben-design.de\/wp-content\/uploads\/2019\/10\/IMG_0536-1.jpg 600w, http:\/\/www.wolle-landleben-design.de\/wp-content\/uploads\/2019\/10\/IMG_0536-1-150x100.jpg 150w, http:\/\/www.wolle-landleben-design.de\/wp-content\/uploads\/2019\/10\/IMG_0536-1-300x200.jpg 300w, http:\/\/www.wolle-landleben-design.de\/wp-content\/uploads\/2019\/10\/IMG_0536-1-450x300.jpg 450w\" sizes=\"auto, (max-width: 600px) 100vw, 600px\" \/><\/figure>\n\n\n\n<figure class=\"wp-block-image\"><img loading=\"lazy\" decoding=\"async\" width=\"600\" height=\"400\" src=\"http:\/\/www.wolle-landleben-design.de\/wp-content\/uploads\/2019\/10\/IMG_0526-1.jpg\" alt=\"\" class=\"wp-image-1923\" srcset=\"http:\/\/www.wolle-landleben-design.de\/wp-content\/uploads\/2019\/10\/IMG_0526-1.jpg 600w, http:\/\/www.wolle-landleben-design.de\/wp-content\/uploads\/2019\/10\/IMG_0526-1-150x100.jpg 150w, http:\/\/www.wolle-landleben-design.de\/wp-content\/uploads\/2019\/10\/IMG_0526-1-300x200.jpg 300w, http:\/\/www.wolle-landleben-design.de\/wp-content\/uploads\/2019\/10\/IMG_0526-1-450x300.jpg 450w\" sizes=\"auto, (max-width: 600px) 100vw, 600px\" \/><\/figure>\n\n\n\n<p class=\"has-text-align-center\">Admiral<\/p>\n\n\n\n<figure class=\"wp-block-image\"><img loading=\"lazy\" decoding=\"async\" width=\"600\" height=\"400\" src=\"http:\/\/www.wolle-landleben-design.de\/wp-content\/uploads\/2019\/10\/IMG_0530-1.jpg\" alt=\"\" class=\"wp-image-1924\" srcset=\"http:\/\/www.wolle-landleben-design.de\/wp-content\/uploads\/2019\/10\/IMG_0530-1.jpg 600w, http:\/\/www.wolle-landleben-design.de\/wp-content\/uploads\/2019\/10\/IMG_0530-1-150x100.jpg 150w, http:\/\/www.wolle-landleben-design.de\/wp-content\/uploads\/2019\/10\/IMG_0530-1-300x200.jpg 300w, http:\/\/www.wolle-landleben-design.de\/wp-content\/uploads\/2019\/10\/IMG_0530-1-450x300.jpg 450w\" sizes=\"auto, (max-width: 600px) 100vw, 600px\" \/><\/figure>\n\n\n\n<figure class=\"wp-block-image\"><img loading=\"lazy\" decoding=\"async\" width=\"600\" height=\"400\" src=\"http:\/\/www.wolle-landleben-design.de\/wp-content\/uploads\/2019\/10\/IMG_0549-1.jpg\" alt=\"\" class=\"wp-image-1925\" srcset=\"http:\/\/www.wolle-landleben-design.de\/wp-content\/uploads\/2019\/10\/IMG_0549-1.jpg 600w, http:\/\/www.wolle-landleben-design.de\/wp-content\/uploads\/2019\/10\/IMG_0549-1-150x100.jpg 150w, http:\/\/www.wolle-landleben-design.de\/wp-content\/uploads\/2019\/10\/IMG_0549-1-300x200.jpg 300w, http:\/\/www.wolle-landleben-design.de\/wp-content\/uploads\/2019\/10\/IMG_0549-1-450x300.jpg 450w\" sizes=\"auto, (max-width: 600px) 100vw, 600px\" \/><\/figure>\n\n\n\n<p class=\"has-text-align-center\">Tagpfauenauge<\/p>\n\n\n\n<figure class=\"wp-block-image\"><img loading=\"lazy\" decoding=\"async\" width=\"600\" height=\"400\" src=\"http:\/\/www.wolle-landleben-design.de\/wp-content\/uploads\/2019\/10\/IMG_0550-1.jpg\" alt=\"\" class=\"wp-image-1926\" srcset=\"http:\/\/www.wolle-landleben-design.de\/wp-content\/uploads\/2019\/10\/IMG_0550-1.jpg 600w, http:\/\/www.wolle-landleben-design.de\/wp-content\/uploads\/2019\/10\/IMG_0550-1-150x100.jpg 150w, http:\/\/www.wolle-landleben-design.de\/wp-content\/uploads\/2019\/10\/IMG_0550-1-300x200.jpg 300w, http:\/\/www.wolle-landleben-design.de\/wp-content\/uploads\/2019\/10\/IMG_0550-1-450x300.jpg 450w\" sizes=\"auto, (max-width: 600px) 100vw, 600px\" \/><\/figure>\n\n\n\n<p class=\"has-text-align-center\">Distelfalter<\/p>\n\n\n\n<figure class=\"wp-block-image\"><img loading=\"lazy\" decoding=\"async\" width=\"600\" height=\"400\" src=\"http:\/\/www.wolle-landleben-design.de\/wp-content\/uploads\/2019\/10\/IMG_0513-1.jpg\" alt=\"\" class=\"wp-image-1927\" srcset=\"http:\/\/www.wolle-landleben-design.de\/wp-content\/uploads\/2019\/10\/IMG_0513-1.jpg 600w, http:\/\/www.wolle-landleben-design.de\/wp-content\/uploads\/2019\/10\/IMG_0513-1-150x100.jpg 150w, http:\/\/www.wolle-landleben-design.de\/wp-content\/uploads\/2019\/10\/IMG_0513-1-300x200.jpg 300w, http:\/\/www.wolle-landleben-design.de\/wp-content\/uploads\/2019\/10\/IMG_0513-1-450x300.jpg 450w\" sizes=\"auto, (max-width: 600px) 100vw, 600px\" \/><\/figure>\n\n\n\n<p class=\"has-text-align-center\">Lila Luzi ( Capsicum spec. ) reift von lila \u00fcber gelb und orange zu rot<\/p>\n\n\n\n<figure class=\"wp-block-image\"><img loading=\"lazy\" decoding=\"async\" width=\"600\" height=\"400\" src=\"http:\/\/www.wolle-landleben-design.de\/wp-content\/uploads\/2019\/10\/IMG_0541-1.jpg\" alt=\"\" class=\"wp-image-1928\" srcset=\"http:\/\/www.wolle-landleben-design.de\/wp-content\/uploads\/2019\/10\/IMG_0541-1.jpg 600w, http:\/\/www.wolle-landleben-design.de\/wp-content\/uploads\/2019\/10\/IMG_0541-1-150x100.jpg 150w, http:\/\/www.wolle-landleben-design.de\/wp-content\/uploads\/2019\/10\/IMG_0541-1-300x200.jpg 300w, http:\/\/www.wolle-landleben-design.de\/wp-content\/uploads\/2019\/10\/IMG_0541-1-450x300.jpg 450w\" sizes=\"auto, (max-width: 600px) 100vw, 600px\" \/><\/figure>\n\n\n\n<figure class=\"wp-block-image\"><img loading=\"lazy\" decoding=\"async\" width=\"600\" height=\"400\" src=\"http:\/\/www.wolle-landleben-design.de\/wp-content\/uploads\/2019\/10\/IMG_0539-1.jpg\" alt=\"\" class=\"wp-image-1930\" srcset=\"http:\/\/www.wolle-landleben-design.de\/wp-content\/uploads\/2019\/10\/IMG_0539-1.jpg 600w, http:\/\/www.wolle-landleben-design.de\/wp-content\/uploads\/2019\/10\/IMG_0539-1-150x100.jpg 150w, http:\/\/www.wolle-landleben-design.de\/wp-content\/uploads\/2019\/10\/IMG_0539-1-300x200.jpg 300w, http:\/\/www.wolle-landleben-design.de\/wp-content\/uploads\/2019\/10\/IMG_0539-1-450x300.jpg 450w\" sizes=\"auto, (max-width: 600px) 100vw, 600px\" \/><\/figure>\n\n\n\n<p class=\"has-text-align-center\">Gelbe Lemon Drop ( Capsicum baccatum )<\/p>\n\n\n\n<figure class=\"wp-block-image\"><img loading=\"lazy\" decoding=\"async\" width=\"600\" height=\"400\" src=\"http:\/\/www.wolle-landleben-design.de\/wp-content\/uploads\/2019\/10\/IMG_0540-1.jpg\" alt=\"\" class=\"wp-image-1931\" srcset=\"http:\/\/www.wolle-landleben-design.de\/wp-content\/uploads\/2019\/10\/IMG_0540-1.jpg 600w, http:\/\/www.wolle-landleben-design.de\/wp-content\/uploads\/2019\/10\/IMG_0540-1-150x100.jpg 150w, http:\/\/www.wolle-landleben-design.de\/wp-content\/uploads\/2019\/10\/IMG_0540-1-300x200.jpg 300w, http:\/\/www.wolle-landleben-design.de\/wp-content\/uploads\/2019\/10\/IMG_0540-1-450x300.jpg 450w\" sizes=\"auto, (max-width: 600px) 100vw, 600px\" \/><\/figure>\n\n\n\n<p class=\"has-text-align-center\">Rotes Teufele ( Capsicum frutescens )<\/p>\n\n\n\n<figure class=\"wp-block-image\"><img loading=\"lazy\" decoding=\"async\" width=\"600\" height=\"400\" src=\"http:\/\/www.wolle-landleben-design.de\/wp-content\/uploads\/2019\/10\/IMG_0538-1.jpg\" alt=\"\" class=\"wp-image-1932\" srcset=\"http:\/\/www.wolle-landleben-design.de\/wp-content\/uploads\/2019\/10\/IMG_0538-1.jpg 600w, http:\/\/www.wolle-landleben-design.de\/wp-content\/uploads\/2019\/10\/IMG_0538-1-150x100.jpg 150w, http:\/\/www.wolle-landleben-design.de\/wp-content\/uploads\/2019\/10\/IMG_0538-1-300x200.jpg 300w, http:\/\/www.wolle-landleben-design.de\/wp-content\/uploads\/2019\/10\/IMG_0538-1-450x300.jpg 450w\" sizes=\"auto, (max-width: 600px) 100vw, 600px\" \/><\/figure>\n\n\n\n<p class=\"has-text-align-center\">Glockenpaprika ( Capsicum baccatum )<\/p>\n\n\n\n<p class=\"has-text-align-center\"><strong>Bl\u00fcten aus der N\u00e4he betrachtet<\/strong><\/p>\n\n\n\n<p class=\"has-text-align-center\">Eine gef\u00fcllte Rosenbl\u00fcte<\/p>\n\n\n\n<figure class=\"wp-block-image\"><img loading=\"lazy\" decoding=\"async\" width=\"1024\" height=\"683\" src=\"http:\/\/www.wolle-landleben-design.de\/wp-content\/uploads\/2019\/09\/IMG_0300-1-1024x683.jpg\" alt=\"\" class=\"wp-image-1905\" srcset=\"http:\/\/www.wolle-landleben-design.de\/wp-content\/uploads\/2019\/09\/IMG_0300-1-1024x683.jpg 1024w, http:\/\/www.wolle-landleben-design.de\/wp-content\/uploads\/2019\/09\/IMG_0300-1-150x100.jpg 150w, http:\/\/www.wolle-landleben-design.de\/wp-content\/uploads\/2019\/09\/IMG_0300-1-300x200.jpg 300w, http:\/\/www.wolle-landleben-design.de\/wp-content\/uploads\/2019\/09\/IMG_0300-1-768x512.jpg 768w, http:\/\/www.wolle-landleben-design.de\/wp-content\/uploads\/2019\/09\/IMG_0300-1-450x300.jpg 450w\" sizes=\"auto, (max-width: 1024px) 100vw, 1024px\" \/><\/figure>\n\n\n\n<figure class=\"wp-block-image\"><img loading=\"lazy\" decoding=\"async\" width=\"600\" height=\"400\" src=\"http:\/\/www.wolle-landleben-design.de\/wp-content\/uploads\/2019\/09\/IMG_0353-1.jpg\" alt=\"\" class=\"wp-image-1907\" srcset=\"http:\/\/www.wolle-landleben-design.de\/wp-content\/uploads\/2019\/09\/IMG_0353-1.jpg 600w, http:\/\/www.wolle-landleben-design.de\/wp-content\/uploads\/2019\/09\/IMG_0353-1-150x100.jpg 150w, http:\/\/www.wolle-landleben-design.de\/wp-content\/uploads\/2019\/09\/IMG_0353-1-300x200.jpg 300w, http:\/\/www.wolle-landleben-design.de\/wp-content\/uploads\/2019\/09\/IMG_0353-1-450x300.jpg 450w\" sizes=\"auto, (max-width: 600px) 100vw, 600px\" \/><\/figure>\n\n\n\n<p class=\"has-text-align-center\">Tief zwischen den Bl\u00fctenbl\u00e4ttern der Rosenbl\u00fcte befindet sich ein krugf\u00f6rmiger Bl\u00fctenboden, der oben mit einem fleischigen Ring abschlie\u00dft. In der H\u00f6hlung des Bl\u00fctenbodens liegen zwischen langen wei\u00dfen seidengl\u00e4nzenden Haaren zahlreiche freie Fruchtknoten, deren Griffel durch den gelben Ring heraus treten und zu hellgelben Narben anschwellen. Jeder Fruchtknoten tr\u00e4gt nur eine Samenanlage. <\/p>\n\n\n\n<figure class=\"wp-block-image\"><img loading=\"lazy\" decoding=\"async\" width=\"1024\" height=\"683\" src=\"http:\/\/www.wolle-landleben-design.de\/wp-content\/uploads\/2019\/09\/IMG_0304-1-1024x683.jpg\" alt=\"\" class=\"wp-image-1906\" srcset=\"http:\/\/www.wolle-landleben-design.de\/wp-content\/uploads\/2019\/09\/IMG_0304-1-1024x683.jpg 1024w, http:\/\/www.wolle-landleben-design.de\/wp-content\/uploads\/2019\/09\/IMG_0304-1-150x100.jpg 150w, http:\/\/www.wolle-landleben-design.de\/wp-content\/uploads\/2019\/09\/IMG_0304-1-300x200.jpg 300w, http:\/\/www.wolle-landleben-design.de\/wp-content\/uploads\/2019\/09\/IMG_0304-1-768x512.jpg 768w, http:\/\/www.wolle-landleben-design.de\/wp-content\/uploads\/2019\/09\/IMG_0304-1-450x300.jpg 450w\" sizes=\"auto, (max-width: 1024px) 100vw, 1024px\" \/><\/figure>\n\n\n\n<p><\/p>\n\n\n\n<p class=\"has-text-align-center\">Bei ungef\u00fcllten und halbgef\u00fcllten Rosenbl\u00fcten haben Insekten es leichter.<\/p>\n\n\n\n<figure class=\"wp-block-image\"><img loading=\"lazy\" decoding=\"async\" width=\"600\" height=\"400\" src=\"http:\/\/www.wolle-landleben-design.de\/wp-content\/uploads\/2019\/09\/IMG_0419-1.jpg\" alt=\"\" class=\"wp-image-1909\" srcset=\"http:\/\/www.wolle-landleben-design.de\/wp-content\/uploads\/2019\/09\/IMG_0419-1.jpg 600w, http:\/\/www.wolle-landleben-design.de\/wp-content\/uploads\/2019\/09\/IMG_0419-1-150x100.jpg 150w, http:\/\/www.wolle-landleben-design.de\/wp-content\/uploads\/2019\/09\/IMG_0419-1-300x200.jpg 300w, http:\/\/www.wolle-landleben-design.de\/wp-content\/uploads\/2019\/09\/IMG_0419-1-450x300.jpg 450w\" sizes=\"auto, (max-width: 600px) 100vw, 600px\" \/><\/figure>\n\n\n\n<figure class=\"wp-block-image\"><img loading=\"lazy\" decoding=\"async\" width=\"600\" height=\"400\" src=\"http:\/\/www.wolle-landleben-design.de\/wp-content\/uploads\/2019\/09\/IMG_0380-1.jpg\" alt=\"\" class=\"wp-image-1912\" srcset=\"http:\/\/www.wolle-landleben-design.de\/wp-content\/uploads\/2019\/09\/IMG_0380-1.jpg 600w, http:\/\/www.wolle-landleben-design.de\/wp-content\/uploads\/2019\/09\/IMG_0380-1-150x100.jpg 150w, http:\/\/www.wolle-landleben-design.de\/wp-content\/uploads\/2019\/09\/IMG_0380-1-300x200.jpg 300w, http:\/\/www.wolle-landleben-design.de\/wp-content\/uploads\/2019\/09\/IMG_0380-1-450x300.jpg 450w\" sizes=\"auto, (max-width: 600px) 100vw, 600px\" \/><\/figure>\n\n\n\n<figure class=\"wp-block-image\"><img loading=\"lazy\" decoding=\"async\" width=\"600\" height=\"400\" src=\"http:\/\/www.wolle-landleben-design.de\/wp-content\/uploads\/2019\/08\/IMG_0294-1.jpg\" alt=\"\" class=\"wp-image-1883\" srcset=\"http:\/\/www.wolle-landleben-design.de\/wp-content\/uploads\/2019\/08\/IMG_0294-1.jpg 600w, http:\/\/www.wolle-landleben-design.de\/wp-content\/uploads\/2019\/08\/IMG_0294-1-150x100.jpg 150w, http:\/\/www.wolle-landleben-design.de\/wp-content\/uploads\/2019\/08\/IMG_0294-1-300x200.jpg 300w, http:\/\/www.wolle-landleben-design.de\/wp-content\/uploads\/2019\/08\/IMG_0294-1-450x300.jpg 450w\" sizes=\"auto, (max-width: 600px) 100vw, 600px\" \/><\/figure>\n\n\n\n<p>Storchenschnabel: Narbe und Staubgef\u00e4\u00dfe sind noch geschlossen, unten ge\u00f6ffnet<\/p>\n\n\n\n<figure class=\"wp-block-image\"><img loading=\"lazy\" decoding=\"async\" width=\"600\" height=\"400\" src=\"http:\/\/www.wolle-landleben-design.de\/wp-content\/uploads\/2019\/08\/IMG_0293-1.jpg\" alt=\"\" class=\"wp-image-1882\" srcset=\"http:\/\/www.wolle-landleben-design.de\/wp-content\/uploads\/2019\/08\/IMG_0293-1.jpg 600w, http:\/\/www.wolle-landleben-design.de\/wp-content\/uploads\/2019\/08\/IMG_0293-1-150x100.jpg 150w, http:\/\/www.wolle-landleben-design.de\/wp-content\/uploads\/2019\/08\/IMG_0293-1-300x200.jpg 300w, http:\/\/www.wolle-landleben-design.de\/wp-content\/uploads\/2019\/08\/IMG_0293-1-450x300.jpg 450w\" sizes=\"auto, (max-width: 600px) 100vw, 600px\" \/><\/figure>\n\n\n\n<p class=\"has-text-align-center\">die sich bildende Frucht = der &#8222;Storchenschnabel&#8220;<\/p>\n\n\n\n<figure class=\"wp-block-image\"><img loading=\"lazy\" decoding=\"async\" width=\"600\" height=\"400\" src=\"http:\/\/www.wolle-landleben-design.de\/wp-content\/uploads\/2019\/08\/IMG_0322-1.jpg\" alt=\"\" class=\"wp-image-1885\" srcset=\"http:\/\/www.wolle-landleben-design.de\/wp-content\/uploads\/2019\/08\/IMG_0322-1.jpg 600w, http:\/\/www.wolle-landleben-design.de\/wp-content\/uploads\/2019\/08\/IMG_0322-1-150x100.jpg 150w, http:\/\/www.wolle-landleben-design.de\/wp-content\/uploads\/2019\/08\/IMG_0322-1-300x200.jpg 300w, http:\/\/www.wolle-landleben-design.de\/wp-content\/uploads\/2019\/08\/IMG_0322-1-450x300.jpg 450w\" sizes=\"auto, (max-width: 600px) 100vw, 600px\" \/><\/figure>\n\n\n\n<p class=\"has-text-align-center\">Mondviole<\/p>\n\n\n\n<figure class=\"wp-block-image\"><img loading=\"lazy\" decoding=\"async\" width=\"600\" height=\"400\" src=\"http:\/\/www.wolle-landleben-design.de\/wp-content\/uploads\/2019\/08\/IMG_0302-1.jpg\" alt=\"\" class=\"wp-image-1886\" srcset=\"http:\/\/www.wolle-landleben-design.de\/wp-content\/uploads\/2019\/08\/IMG_0302-1.jpg 600w, http:\/\/www.wolle-landleben-design.de\/wp-content\/uploads\/2019\/08\/IMG_0302-1-150x100.jpg 150w, http:\/\/www.wolle-landleben-design.de\/wp-content\/uploads\/2019\/08\/IMG_0302-1-300x200.jpg 300w, http:\/\/www.wolle-landleben-design.de\/wp-content\/uploads\/2019\/08\/IMG_0302-1-450x300.jpg 450w\" sizes=\"auto, (max-width: 600px) 100vw, 600px\" \/><\/figure>\n\n\n\n<p class=\"has-text-align-center\">gelber Mohn<\/p>\n\n\n\n<figure class=\"wp-block-image\"><img loading=\"lazy\" decoding=\"async\" width=\"600\" height=\"400\" src=\"http:\/\/www.wolle-landleben-design.de\/wp-content\/uploads\/2019\/08\/IMG_0307-1.jpg\" alt=\"\" class=\"wp-image-1887\" srcset=\"http:\/\/www.wolle-landleben-design.de\/wp-content\/uploads\/2019\/08\/IMG_0307-1.jpg 600w, http:\/\/www.wolle-landleben-design.de\/wp-content\/uploads\/2019\/08\/IMG_0307-1-150x100.jpg 150w, http:\/\/www.wolle-landleben-design.de\/wp-content\/uploads\/2019\/08\/IMG_0307-1-300x200.jpg 300w, http:\/\/www.wolle-landleben-design.de\/wp-content\/uploads\/2019\/08\/IMG_0307-1-450x300.jpg 450w\" sizes=\"auto, (max-width: 600px) 100vw, 600px\" \/><\/figure>\n\n\n\n<figure class=\"wp-block-image\"><img loading=\"lazy\" decoding=\"async\" width=\"600\" height=\"400\" src=\"http:\/\/www.wolle-landleben-design.de\/wp-content\/uploads\/2019\/08\/IMG_0309-1.jpg\" alt=\"\" class=\"wp-image-1888\" srcset=\"http:\/\/www.wolle-landleben-design.de\/wp-content\/uploads\/2019\/08\/IMG_0309-1.jpg 600w, http:\/\/www.wolle-landleben-design.de\/wp-content\/uploads\/2019\/08\/IMG_0309-1-150x100.jpg 150w, http:\/\/www.wolle-landleben-design.de\/wp-content\/uploads\/2019\/08\/IMG_0309-1-300x200.jpg 300w, http:\/\/www.wolle-landleben-design.de\/wp-content\/uploads\/2019\/08\/IMG_0309-1-450x300.jpg 450w\" sizes=\"auto, (max-width: 600px) 100vw, 600px\" \/><\/figure>\n\n\n\n<p class=\"has-text-align-center\">\u00d6lk\u00fcrbisbl\u00fcte weiblich ( oben ) und m\u00e4nnlich unten<\/p>\n\n\n\n<figure class=\"wp-block-image\"><img loading=\"lazy\" decoding=\"async\" width=\"600\" height=\"400\" src=\"http:\/\/www.wolle-landleben-design.de\/wp-content\/uploads\/2019\/08\/IMG_0310-1.jpg\" alt=\"\" class=\"wp-image-1889\" srcset=\"http:\/\/www.wolle-landleben-design.de\/wp-content\/uploads\/2019\/08\/IMG_0310-1.jpg 600w, http:\/\/www.wolle-landleben-design.de\/wp-content\/uploads\/2019\/08\/IMG_0310-1-150x100.jpg 150w, http:\/\/www.wolle-landleben-design.de\/wp-content\/uploads\/2019\/08\/IMG_0310-1-300x200.jpg 300w, http:\/\/www.wolle-landleben-design.de\/wp-content\/uploads\/2019\/08\/IMG_0310-1-450x300.jpg 450w\" sizes=\"auto, (max-width: 600px) 100vw, 600px\" \/><\/figure>\n\n\n\n<figure class=\"wp-block-image\"><img loading=\"lazy\" decoding=\"async\" width=\"600\" height=\"400\" src=\"http:\/\/www.wolle-landleben-design.de\/wp-content\/uploads\/2019\/08\/IMG_0364-1.jpg\" alt=\"\" class=\"wp-image-1890\" srcset=\"http:\/\/www.wolle-landleben-design.de\/wp-content\/uploads\/2019\/08\/IMG_0364-1.jpg 600w, http:\/\/www.wolle-landleben-design.de\/wp-content\/uploads\/2019\/08\/IMG_0364-1-150x100.jpg 150w, http:\/\/www.wolle-landleben-design.de\/wp-content\/uploads\/2019\/08\/IMG_0364-1-300x200.jpg 300w, http:\/\/www.wolle-landleben-design.de\/wp-content\/uploads\/2019\/08\/IMG_0364-1-450x300.jpg 450w\" sizes=\"auto, (max-width: 600px) 100vw, 600px\" \/><\/figure>\n\n\n\n<p class=\"has-text-align-center\">Fruchtbildung bei Nigella ( Schwarzk\u00fcmmel )<\/p>\n\n\n\n<figure class=\"wp-block-image\"><img loading=\"lazy\" decoding=\"async\" width=\"600\" height=\"400\" src=\"http:\/\/www.wolle-landleben-design.de\/wp-content\/uploads\/2019\/08\/IMG_0365-1.jpg\" alt=\"\" class=\"wp-image-1891\" srcset=\"http:\/\/www.wolle-landleben-design.de\/wp-content\/uploads\/2019\/08\/IMG_0365-1.jpg 600w, http:\/\/www.wolle-landleben-design.de\/wp-content\/uploads\/2019\/08\/IMG_0365-1-150x100.jpg 150w, http:\/\/www.wolle-landleben-design.de\/wp-content\/uploads\/2019\/08\/IMG_0365-1-300x200.jpg 300w, http:\/\/www.wolle-landleben-design.de\/wp-content\/uploads\/2019\/08\/IMG_0365-1-450x300.jpg 450w\" sizes=\"auto, (max-width: 600px) 100vw, 600px\" \/><\/figure>\n\n\n\n<figure class=\"wp-block-image\"><img loading=\"lazy\" decoding=\"async\" width=\"600\" height=\"400\" src=\"http:\/\/www.wolle-landleben-design.de\/wp-content\/uploads\/2019\/08\/IMG_0369-1.jpg\" alt=\"\" class=\"wp-image-1892\" srcset=\"http:\/\/www.wolle-landleben-design.de\/wp-content\/uploads\/2019\/08\/IMG_0369-1.jpg 600w, http:\/\/www.wolle-landleben-design.de\/wp-content\/uploads\/2019\/08\/IMG_0369-1-150x100.jpg 150w, http:\/\/www.wolle-landleben-design.de\/wp-content\/uploads\/2019\/08\/IMG_0369-1-300x200.jpg 300w, http:\/\/www.wolle-landleben-design.de\/wp-content\/uploads\/2019\/08\/IMG_0369-1-450x300.jpg 450w\" sizes=\"auto, (max-width: 600px) 100vw, 600px\" \/><\/figure>\n\n\n\n<figure class=\"wp-block-image\"><img loading=\"lazy\" decoding=\"async\" width=\"600\" height=\"400\" src=\"http:\/\/www.wolle-landleben-design.de\/wp-content\/uploads\/2019\/08\/IMG_0366-1.jpg\" alt=\"\" class=\"wp-image-1893\" srcset=\"http:\/\/www.wolle-landleben-design.de\/wp-content\/uploads\/2019\/08\/IMG_0366-1.jpg 600w, http:\/\/www.wolle-landleben-design.de\/wp-content\/uploads\/2019\/08\/IMG_0366-1-150x100.jpg 150w, http:\/\/www.wolle-landleben-design.de\/wp-content\/uploads\/2019\/08\/IMG_0366-1-300x200.jpg 300w, http:\/\/www.wolle-landleben-design.de\/wp-content\/uploads\/2019\/08\/IMG_0366-1-450x300.jpg 450w\" sizes=\"auto, (max-width: 600px) 100vw, 600px\" \/><\/figure>\n\n\n\n<figure class=\"wp-block-image\"><img loading=\"lazy\" decoding=\"async\" width=\"600\" height=\"400\" src=\"http:\/\/www.wolle-landleben-design.de\/wp-content\/uploads\/2019\/08\/IMG_0511-1.jpg\" alt=\"\" class=\"wp-image-1894\" srcset=\"http:\/\/www.wolle-landleben-design.de\/wp-content\/uploads\/2019\/08\/IMG_0511-1.jpg 600w, http:\/\/www.wolle-landleben-design.de\/wp-content\/uploads\/2019\/08\/IMG_0511-1-150x100.jpg 150w, http:\/\/www.wolle-landleben-design.de\/wp-content\/uploads\/2019\/08\/IMG_0511-1-300x200.jpg 300w, http:\/\/www.wolle-landleben-design.de\/wp-content\/uploads\/2019\/08\/IMG_0511-1-450x300.jpg 450w\" sizes=\"auto, (max-width: 600px) 100vw, 600px\" \/><\/figure>\n\n\n\n<p class=\"has-text-align-center\"><\/p>\n\n\n\n<p class=\"has-text-align-center\"><em><strong>Im Juli<\/strong><\/em><\/p>\n\n\n\n<p class=\"has-text-align-center\">Am kleinen Teich hat der Mauerpfeffer ein Meer aus wei\u00dfen Bl\u00fcten gezaubert.<br><\/p>\n\n\n\n<figure class=\"wp-block-image\"><img loading=\"lazy\" decoding=\"async\" width=\"600\" height=\"400\" src=\"http:\/\/www.wolle-landleben-design.de\/wp-content\/uploads\/2019\/09\/IMG_0451-1.jpg\" alt=\"\" class=\"wp-image-1900\" srcset=\"http:\/\/www.wolle-landleben-design.de\/wp-content\/uploads\/2019\/09\/IMG_0451-1.jpg 600w, http:\/\/www.wolle-landleben-design.de\/wp-content\/uploads\/2019\/09\/IMG_0451-1-150x100.jpg 150w, http:\/\/www.wolle-landleben-design.de\/wp-content\/uploads\/2019\/09\/IMG_0451-1-300x200.jpg 300w, http:\/\/www.wolle-landleben-design.de\/wp-content\/uploads\/2019\/09\/IMG_0451-1-450x300.jpg 450w\" sizes=\"auto, (max-width: 600px) 100vw, 600px\" \/><\/figure>\n\n\n\n<p class=\"has-text-align-center\">Davor \u00f6ffnen sich die ersten Bl\u00fcten einer Hauswurz.<\/p>\n\n\n\n<figure class=\"wp-block-image\"><img loading=\"lazy\" decoding=\"async\" width=\"600\" height=\"400\" src=\"http:\/\/www.wolle-landleben-design.de\/wp-content\/uploads\/2019\/09\/IMG_0452-1.jpg\" alt=\"\" class=\"wp-image-1901\" srcset=\"http:\/\/www.wolle-landleben-design.de\/wp-content\/uploads\/2019\/09\/IMG_0452-1.jpg 600w, http:\/\/www.wolle-landleben-design.de\/wp-content\/uploads\/2019\/09\/IMG_0452-1-150x100.jpg 150w, http:\/\/www.wolle-landleben-design.de\/wp-content\/uploads\/2019\/09\/IMG_0452-1-300x200.jpg 300w, http:\/\/www.wolle-landleben-design.de\/wp-content\/uploads\/2019\/09\/IMG_0452-1-450x300.jpg 450w\" sizes=\"auto, (max-width: 600px) 100vw, 600px\" \/><\/figure>\n\n\n\n<figure class=\"wp-block-image\"><img loading=\"lazy\" decoding=\"async\" width=\"600\" height=\"400\" src=\"http:\/\/www.wolle-landleben-design.de\/wp-content\/uploads\/2019\/09\/IMG_0463-1.jpg\" alt=\"\" class=\"wp-image-1902\" srcset=\"http:\/\/www.wolle-landleben-design.de\/wp-content\/uploads\/2019\/09\/IMG_0463-1.jpg 600w, http:\/\/www.wolle-landleben-design.de\/wp-content\/uploads\/2019\/09\/IMG_0463-1-150x100.jpg 150w, http:\/\/www.wolle-landleben-design.de\/wp-content\/uploads\/2019\/09\/IMG_0463-1-300x200.jpg 300w, http:\/\/www.wolle-landleben-design.de\/wp-content\/uploads\/2019\/09\/IMG_0463-1-450x300.jpg 450w\" sizes=\"auto, (max-width: 600px) 100vw, 600px\" \/><\/figure>\n\n\n\n<p class=\"has-text-align-center\">                                                           <em> <\/em><strong><em>Ende Juni<\/em><\/strong><\/p>\n\n\n\n<div class=\"wp-block-image\"><figure class=\"aligncenter\"><img loading=\"lazy\" decoding=\"async\" width=\"400\" height=\"600\" src=\"http:\/\/www.wolle-landleben-design.de\/wp-content\/uploads\/2019\/06\/IMG_0400-1.jpg\" alt=\"\" class=\"wp-image-1858\" srcset=\"http:\/\/www.wolle-landleben-design.de\/wp-content\/uploads\/2019\/06\/IMG_0400-1.jpg 400w, http:\/\/www.wolle-landleben-design.de\/wp-content\/uploads\/2019\/06\/IMG_0400-1-100x150.jpg 100w, http:\/\/www.wolle-landleben-design.de\/wp-content\/uploads\/2019\/06\/IMG_0400-1-200x300.jpg 200w\" sizes=\"auto, (max-width: 400px) 100vw, 400px\" \/><\/figure><\/div>\n\n\n\n<figure class=\"wp-block-image\"><img loading=\"lazy\" decoding=\"async\" width=\"600\" height=\"400\" src=\"http:\/\/www.wolle-landleben-design.de\/wp-content\/uploads\/2019\/06\/IMG_0419-1.jpg\" alt=\"\" class=\"wp-image-1859\" srcset=\"http:\/\/www.wolle-landleben-design.de\/wp-content\/uploads\/2019\/06\/IMG_0419-1.jpg 600w, http:\/\/www.wolle-landleben-design.de\/wp-content\/uploads\/2019\/06\/IMG_0419-1-150x100.jpg 150w, http:\/\/www.wolle-landleben-design.de\/wp-content\/uploads\/2019\/06\/IMG_0419-1-300x200.jpg 300w, http:\/\/www.wolle-landleben-design.de\/wp-content\/uploads\/2019\/06\/IMG_0419-1-450x300.jpg 450w\" sizes=\"auto, (max-width: 600px) 100vw, 600px\" \/><figcaption>Rosa<\/figcaption><\/figure>\n\n\n\n<figure class=\"wp-block-image\"><img loading=\"lazy\" decoding=\"async\" width=\"600\" height=\"400\" src=\"http:\/\/www.wolle-landleben-design.de\/wp-content\/uploads\/2019\/06\/IMG_0427-1.jpg\" alt=\"\" class=\"wp-image-1860\" srcset=\"http:\/\/www.wolle-landleben-design.de\/wp-content\/uploads\/2019\/06\/IMG_0427-1.jpg 600w, http:\/\/www.wolle-landleben-design.de\/wp-content\/uploads\/2019\/06\/IMG_0427-1-150x100.jpg 150w, http:\/\/www.wolle-landleben-design.de\/wp-content\/uploads\/2019\/06\/IMG_0427-1-300x200.jpg 300w, http:\/\/www.wolle-landleben-design.de\/wp-content\/uploads\/2019\/06\/IMG_0427-1-450x300.jpg 450w\" sizes=\"auto, (max-width: 600px) 100vw, 600px\" \/><figcaption>Rosa <\/figcaption><\/figure>\n\n\n\n<figure class=\"wp-block-image\"><img loading=\"lazy\" decoding=\"async\" width=\"600\" height=\"400\" src=\"http:\/\/www.wolle-landleben-design.de\/wp-content\/uploads\/2019\/06\/IMG_0350-1.jpg\" alt=\"\" class=\"wp-image-1861\" srcset=\"http:\/\/www.wolle-landleben-design.de\/wp-content\/uploads\/2019\/06\/IMG_0350-1.jpg 600w, http:\/\/www.wolle-landleben-design.de\/wp-content\/uploads\/2019\/06\/IMG_0350-1-150x100.jpg 150w, http:\/\/www.wolle-landleben-design.de\/wp-content\/uploads\/2019\/06\/IMG_0350-1-300x200.jpg 300w, http:\/\/www.wolle-landleben-design.de\/wp-content\/uploads\/2019\/06\/IMG_0350-1-450x300.jpg 450w\" sizes=\"auto, (max-width: 600px) 100vw, 600px\" \/><figcaption> <strong>Jacques Cartier&nbsp;<\/strong> <\/figcaption><\/figure>\n\n\n\n<figure class=\"wp-block-image\"><img loading=\"lazy\" decoding=\"async\" width=\"600\" height=\"400\" src=\"http:\/\/www.wolle-landleben-design.de\/wp-content\/uploads\/2019\/06\/IMG_0357-1.jpg\" alt=\"\" class=\"wp-image-1862\" srcset=\"http:\/\/www.wolle-landleben-design.de\/wp-content\/uploads\/2019\/06\/IMG_0357-1.jpg 600w, http:\/\/www.wolle-landleben-design.de\/wp-content\/uploads\/2019\/06\/IMG_0357-1-150x100.jpg 150w, http:\/\/www.wolle-landleben-design.de\/wp-content\/uploads\/2019\/06\/IMG_0357-1-300x200.jpg 300w, http:\/\/www.wolle-landleben-design.de\/wp-content\/uploads\/2019\/06\/IMG_0357-1-450x300.jpg 450w\" sizes=\"auto, (max-width: 600px) 100vw, 600px\" \/><figcaption>Jenny Duval<\/figcaption><\/figure>\n\n\n\n<figure class=\"wp-block-image\"><img loading=\"lazy\" decoding=\"async\" width=\"600\" height=\"400\" src=\"http:\/\/www.wolle-landleben-design.de\/wp-content\/uploads\/2019\/06\/IMG_0354-1.jpg\" alt=\"\" class=\"wp-image-1863\" srcset=\"http:\/\/www.wolle-landleben-design.de\/wp-content\/uploads\/2019\/06\/IMG_0354-1.jpg 600w, http:\/\/www.wolle-landleben-design.de\/wp-content\/uploads\/2019\/06\/IMG_0354-1-150x100.jpg 150w, http:\/\/www.wolle-landleben-design.de\/wp-content\/uploads\/2019\/06\/IMG_0354-1-300x200.jpg 300w, http:\/\/www.wolle-landleben-design.de\/wp-content\/uploads\/2019\/06\/IMG_0354-1-450x300.jpg 450w\" sizes=\"auto, (max-width: 600px) 100vw, 600px\" \/><\/figure>\n\n\n\n<figure class=\"wp-block-image\"><img loading=\"lazy\" decoding=\"async\" width=\"600\" height=\"400\" src=\"http:\/\/www.wolle-landleben-design.de\/wp-content\/uploads\/2019\/06\/IMG_0388-1.jpg\" alt=\"\" class=\"wp-image-1864\" srcset=\"http:\/\/www.wolle-landleben-design.de\/wp-content\/uploads\/2019\/06\/IMG_0388-1.jpg 600w, http:\/\/www.wolle-landleben-design.de\/wp-content\/uploads\/2019\/06\/IMG_0388-1-150x100.jpg 150w, http:\/\/www.wolle-landleben-design.de\/wp-content\/uploads\/2019\/06\/IMG_0388-1-300x200.jpg 300w, http:\/\/www.wolle-landleben-design.de\/wp-content\/uploads\/2019\/06\/IMG_0388-1-450x300.jpg 450w\" sizes=\"auto, (max-width: 600px) 100vw, 600px\" \/><figcaption>Rosa muscosa<\/figcaption><\/figure>\n\n\n\n<figure class=\"wp-block-image\"><img loading=\"lazy\" decoding=\"async\" width=\"600\" height=\"400\" src=\"http:\/\/www.wolle-landleben-design.de\/wp-content\/uploads\/2019\/06\/IMG_0387-1.jpg\" alt=\"\" class=\"wp-image-1865\" srcset=\"http:\/\/www.wolle-landleben-design.de\/wp-content\/uploads\/2019\/06\/IMG_0387-1.jpg 600w, http:\/\/www.wolle-landleben-design.de\/wp-content\/uploads\/2019\/06\/IMG_0387-1-150x100.jpg 150w, http:\/\/www.wolle-landleben-design.de\/wp-content\/uploads\/2019\/06\/IMG_0387-1-300x200.jpg 300w, http:\/\/www.wolle-landleben-design.de\/wp-content\/uploads\/2019\/06\/IMG_0387-1-450x300.jpg 450w\" sizes=\"auto, (max-width: 600px) 100vw, 600px\" \/><\/figure>\n\n\n\n<h4 class=\"wp-block-heading\">Die anderen Rosen wurden bereits unter Garten 2015 und Garten 2018 beschrieben.<\/h4>\n\n\n\n<p><\/p>\n\n\n\n<p class=\"has-text-align-center\"><strong><em>Anfang Juni<\/em><\/strong><\/p>\n\n\n\n<p>Die Kleinen Adonislibellen sind wieder da: in diesem Jahr an dem kleinen Teich, den ich im <strong><em><a href=\"http:\/\/www.wolle-landleben-design.de\/?page_id=993\">Garten 2015<\/a><\/em><\/strong> angelegt habe. Nachdem die W\u00fchlm\u00e4use alle Umbauten erledigt hatten, konnte der Steinhang zuwachsen und \u00f6ffnet nun vom Fr\u00fchjahr bis zum Herbst die verschiedensten Bl\u00fchten f\u00fcr die Insekten.<br>Er versteckt sich mittlerweile hinter einer ( demn\u00e4chst ) bl\u00fchenden Wildnis.<br><\/p>\n\n\n\n<figure class=\"wp-block-image\"><img loading=\"lazy\" decoding=\"async\" width=\"600\" height=\"400\" src=\"http:\/\/www.wolle-landleben-design.de\/wp-content\/uploads\/2019\/06\/IMG_0273-1.jpg\" alt=\"\" class=\"wp-image-1827\" srcset=\"http:\/\/www.wolle-landleben-design.de\/wp-content\/uploads\/2019\/06\/IMG_0273-1.jpg 600w, http:\/\/www.wolle-landleben-design.de\/wp-content\/uploads\/2019\/06\/IMG_0273-1-150x100.jpg 150w, http:\/\/www.wolle-landleben-design.de\/wp-content\/uploads\/2019\/06\/IMG_0273-1-300x200.jpg 300w, http:\/\/www.wolle-landleben-design.de\/wp-content\/uploads\/2019\/06\/IMG_0273-1-450x300.jpg 450w\" sizes=\"auto, (max-width: 600px) 100vw, 600px\" \/><\/figure>\n\n\n\n<figure class=\"wp-block-image\"><img loading=\"lazy\" decoding=\"async\" width=\"600\" height=\"400\" src=\"http:\/\/www.wolle-landleben-design.de\/wp-content\/uploads\/2019\/06\/IMG_0274-1.jpg\" alt=\"\" class=\"wp-image-1828\" srcset=\"http:\/\/www.wolle-landleben-design.de\/wp-content\/uploads\/2019\/06\/IMG_0274-1.jpg 600w, http:\/\/www.wolle-landleben-design.de\/wp-content\/uploads\/2019\/06\/IMG_0274-1-150x100.jpg 150w, http:\/\/www.wolle-landleben-design.de\/wp-content\/uploads\/2019\/06\/IMG_0274-1-300x200.jpg 300w, http:\/\/www.wolle-landleben-design.de\/wp-content\/uploads\/2019\/06\/IMG_0274-1-450x300.jpg 450w\" sizes=\"auto, (max-width: 600px) 100vw, 600px\" \/><\/figure>\n\n\n\n<figure class=\"wp-block-image\"><img loading=\"lazy\" decoding=\"async\" width=\"600\" height=\"400\" src=\"http:\/\/www.wolle-landleben-design.de\/wp-content\/uploads\/2019\/06\/IMG_0275-1.jpg\" alt=\"\" class=\"wp-image-1829\" srcset=\"http:\/\/www.wolle-landleben-design.de\/wp-content\/uploads\/2019\/06\/IMG_0275-1.jpg 600w, http:\/\/www.wolle-landleben-design.de\/wp-content\/uploads\/2019\/06\/IMG_0275-1-150x100.jpg 150w, http:\/\/www.wolle-landleben-design.de\/wp-content\/uploads\/2019\/06\/IMG_0275-1-300x200.jpg 300w, http:\/\/www.wolle-landleben-design.de\/wp-content\/uploads\/2019\/06\/IMG_0275-1-450x300.jpg 450w\" sizes=\"auto, (max-width: 600px) 100vw, 600px\" \/><\/figure>\n\n\n\n<figure class=\"wp-block-image\"><img loading=\"lazy\" decoding=\"async\" width=\"600\" height=\"400\" src=\"http:\/\/www.wolle-landleben-design.de\/wp-content\/uploads\/2019\/06\/IMG_0231-1.jpg\" alt=\"\" class=\"wp-image-1830\" srcset=\"http:\/\/www.wolle-landleben-design.de\/wp-content\/uploads\/2019\/06\/IMG_0231-1.jpg 600w, http:\/\/www.wolle-landleben-design.de\/wp-content\/uploads\/2019\/06\/IMG_0231-1-150x100.jpg 150w, http:\/\/www.wolle-landleben-design.de\/wp-content\/uploads\/2019\/06\/IMG_0231-1-300x200.jpg 300w, http:\/\/www.wolle-landleben-design.de\/wp-content\/uploads\/2019\/06\/IMG_0231-1-450x300.jpg 450w\" sizes=\"auto, (max-width: 600px) 100vw, 600px\" \/><\/figure>\n\n\n\n<figure class=\"wp-block-image\"><img loading=\"lazy\" decoding=\"async\" width=\"600\" height=\"400\" src=\"http:\/\/www.wolle-landleben-design.de\/wp-content\/uploads\/2019\/06\/IMG_0232-1.jpg\" alt=\"\" class=\"wp-image-1831\" srcset=\"http:\/\/www.wolle-landleben-design.de\/wp-content\/uploads\/2019\/06\/IMG_0232-1.jpg 600w, http:\/\/www.wolle-landleben-design.de\/wp-content\/uploads\/2019\/06\/IMG_0232-1-150x100.jpg 150w, http:\/\/www.wolle-landleben-design.de\/wp-content\/uploads\/2019\/06\/IMG_0232-1-300x200.jpg 300w, http:\/\/www.wolle-landleben-design.de\/wp-content\/uploads\/2019\/06\/IMG_0232-1-450x300.jpg 450w\" sizes=\"auto, (max-width: 600px) 100vw, 600px\" \/><\/figure>\n\n\n\n<figure class=\"wp-block-image\"><img loading=\"lazy\" decoding=\"async\" width=\"600\" height=\"400\" src=\"http:\/\/www.wolle-landleben-design.de\/wp-content\/uploads\/2019\/06\/IMG_0233-1.jpg\" alt=\"\" class=\"wp-image-1832\" srcset=\"http:\/\/www.wolle-landleben-design.de\/wp-content\/uploads\/2019\/06\/IMG_0233-1.jpg 600w, http:\/\/www.wolle-landleben-design.de\/wp-content\/uploads\/2019\/06\/IMG_0233-1-150x100.jpg 150w, http:\/\/www.wolle-landleben-design.de\/wp-content\/uploads\/2019\/06\/IMG_0233-1-300x200.jpg 300w, http:\/\/www.wolle-landleben-design.de\/wp-content\/uploads\/2019\/06\/IMG_0233-1-450x300.jpg 450w\" sizes=\"auto, (max-width: 600px) 100vw, 600px\" \/><\/figure>\n\n\n\n<p class=\"has-text-align-center\">Und hier nun endlich die Kleinen Adonislibellen:<\/p>\n\n\n\n<figure class=\"wp-block-image\"><img loading=\"lazy\" decoding=\"async\" width=\"600\" height=\"400\" src=\"http:\/\/www.wolle-landleben-design.de\/wp-content\/uploads\/2019\/06\/IMG_0251-1.jpg\" alt=\"\" class=\"wp-image-1833\" srcset=\"http:\/\/www.wolle-landleben-design.de\/wp-content\/uploads\/2019\/06\/IMG_0251-1.jpg 600w, http:\/\/www.wolle-landleben-design.de\/wp-content\/uploads\/2019\/06\/IMG_0251-1-150x100.jpg 150w, http:\/\/www.wolle-landleben-design.de\/wp-content\/uploads\/2019\/06\/IMG_0251-1-300x200.jpg 300w, http:\/\/www.wolle-landleben-design.de\/wp-content\/uploads\/2019\/06\/IMG_0251-1-450x300.jpg 450w\" sizes=\"auto, (max-width: 600px) 100vw, 600px\" \/><\/figure>\n\n\n\n<p class=\"has-text-align-center\">Sie legen ihre Eier an die Blattunterseite.<\/p>\n\n\n\n<figure class=\"wp-block-gallery columns-1 is-cropped wp-block-gallery-1 is-layout-flex wp-block-gallery-is-layout-flex\"><ul class=\"blocks-gallery-grid\"><li class=\"blocks-gallery-item\"><figure><img loading=\"lazy\" decoding=\"async\" width=\"600\" height=\"400\" src=\"http:\/\/www.wolle-landleben-design.de\/wp-content\/uploads\/2019\/06\/IMG_0253-1-1.jpg\" alt=\"\" data-id=\"1837\" data-link=\"http:\/\/www.wolle-landleben-design.de\/?attachment_id=1837\" class=\"wp-image-1837\" srcset=\"http:\/\/www.wolle-landleben-design.de\/wp-content\/uploads\/2019\/06\/IMG_0253-1-1.jpg 600w, http:\/\/www.wolle-landleben-design.de\/wp-content\/uploads\/2019\/06\/IMG_0253-1-1-150x100.jpg 150w, http:\/\/www.wolle-landleben-design.de\/wp-content\/uploads\/2019\/06\/IMG_0253-1-1-300x200.jpg 300w, http:\/\/www.wolle-landleben-design.de\/wp-content\/uploads\/2019\/06\/IMG_0253-1-1-450x300.jpg 450w\" sizes=\"auto, (max-width: 600px) 100vw, 600px\" \/><\/figure><\/li><\/ul><\/figure>\n\n\n\n<figure class=\"wp-block-image\"><img loading=\"lazy\" decoding=\"async\" width=\"600\" height=\"400\" src=\"http:\/\/www.wolle-landleben-design.de\/wp-content\/uploads\/2019\/06\/IMG_0258-1.jpg\" alt=\"\" class=\"wp-image-1835\" srcset=\"http:\/\/www.wolle-landleben-design.de\/wp-content\/uploads\/2019\/06\/IMG_0258-1.jpg 600w, http:\/\/www.wolle-landleben-design.de\/wp-content\/uploads\/2019\/06\/IMG_0258-1-150x100.jpg 150w, http:\/\/www.wolle-landleben-design.de\/wp-content\/uploads\/2019\/06\/IMG_0258-1-300x200.jpg 300w, http:\/\/www.wolle-landleben-design.de\/wp-content\/uploads\/2019\/06\/IMG_0258-1-450x300.jpg 450w\" sizes=\"auto, (max-width: 600px) 100vw, 600px\" \/><\/figure>\n\n\n\n<figure class=\"wp-block-image\"><img loading=\"lazy\" decoding=\"async\" width=\"600\" height=\"400\" src=\"http:\/\/www.wolle-landleben-design.de\/wp-content\/uploads\/2019\/06\/IMG_0258-11.jpg\" alt=\"\" class=\"wp-image-1836\" srcset=\"http:\/\/www.wolle-landleben-design.de\/wp-content\/uploads\/2019\/06\/IMG_0258-11.jpg 600w, http:\/\/www.wolle-landleben-design.de\/wp-content\/uploads\/2019\/06\/IMG_0258-11-150x100.jpg 150w, http:\/\/www.wolle-landleben-design.de\/wp-content\/uploads\/2019\/06\/IMG_0258-11-300x200.jpg 300w, http:\/\/www.wolle-landleben-design.de\/wp-content\/uploads\/2019\/06\/IMG_0258-11-450x300.jpg 450w\" sizes=\"auto, (max-width: 600px) 100vw, 600px\" \/><\/figure>\n","protected":false},"excerpt":{"rendered":"<p>F\u00fcr Garten 2019 bitte weiter runter scrollen. Ein kleiner Gartenr\u00fcckblick auf den Sommer 2021. Kartoffelk\u00e4fer Suchbild: viele Schmetterlinge haben ihr Fl\u00fcgel hochgeklappt Kleiner Fuchs und Kohlwei\u00dfling Tagpfauenauge Admiral H\u00f6rnchenk\u00fcrbis Peperoni Elefant Peperoni Black Czech Garten 2019 Schmetterlinge und Chilis Ende &hellip; <a href=\"http:\/\/www.wolle-landleben-design.de\/?page_id=1826\">Weiterlesen <span class=\"meta-nav\">&rarr;<\/span><\/a><\/p>\n","protected":false},"author":1,"featured_media":0,"parent":0,"menu_order":0,"comment_status":"closed","ping_status":"closed","template":"","meta":{"footnotes":""},"class_list":["post-1826","page","type-page","status-publish","hentry"],"_links":{"self":[{"href":"http:\/\/www.wolle-landleben-design.de\/index.php?rest_route=\/wp\/v2\/pages\/1826","targetHints":{"allow":["GET"]}}],"collection":[{"href":"http:\/\/www.wolle-landleben-design.de\/index.php?rest_route=\/wp\/v2\/pages"}],"about":[{"href":"http:\/\/www.wolle-landleben-design.de\/index.php?rest_route=\/wp\/v2\/types\/page"}],"author":[{"embeddable":true,"href":"http:\/\/www.wolle-landleben-design.de\/index.php?rest_route=\/wp\/v2\/users\/1"}],"replies":[{"embeddable":true,"href":"http:\/\/www.wolle-landleben-design.de\/index.php?rest_route=%2Fwp%2Fv2%2Fcomments&post=1826"}],"version-history":[{"count":28,"href":"http:\/\/www.wolle-landleben-design.de\/index.php?rest_route=\/wp\/v2\/pages\/1826\/revisions"}],"predecessor-version":[{"id":2170,"href":"http:\/\/www.wolle-landleben-design.de\/index.php?rest_route=\/wp\/v2\/pages\/1826\/revisions\/2170"}],"wp:attachment":[{"href":"http:\/\/www.wolle-landleben-design.de\/index.php?rest_route=%2Fwp%2Fv2%2Fmedia&parent=1826"}],"curies":[{"name":"wp","href":"https:\/\/api.w.org\/{rel}","templated":true}]}}